{"id":2571,"date":"2015-02-22T01:02:33","date_gmt":"2015-02-22T01:02:33","guid":{"rendered":"http:\/\/rttheme19.rtthemes.com\/?page_id=2571"},"modified":"2026-02-28T10:56:55","modified_gmt":"2026-02-28T09:56:55","slug":"angebote","status":"publish","type":"page","link":"http:\/\/hair-beauty-boge.de\/villatraumschoen\/angebote\/","title":{"rendered":"Unsere Angebote"},"content":{"rendered":"\n<div  class=\"content_row row default-style fullwidth overlap\" >\n\t\n\t<div class=\"content_row_wrapper  default\" >\n\t<div class=\"col col-xs-12 col-sm-12\" >\n\t\t\t\n\t<div id=\"\" class=\"rt_text_column rt_content_element \">\n\t\tHier k\u00f6nnen Sie unseren aktuellen Flyer herunterladen:<\/p>\n<p>Download\n\t<\/div>\n<div class=\"rt_heading_wrapper style-4\">\n\t\t\t\t\t\t\n\t\t\t\t\t\t<h3 class=\"rt_heading  style-4\" >Gesichtsbehandlungen<\/h3>\n\t\t\t\t\t<\/div><div id=\"\" class=\"pricing_table service \" data-rt-animation-group=\"group\"><div id=\"\" class=\"table_wrap highlight \" data-rt-animate=\"animate\" data-rt-animation-type=\"fadeInDown\"><ul>\n\t\t<li class=\"caption\">\n\t\t\t<div class=\"title\">Ausreinigung\n\t<small>\n\t\tF\u00fcr Sie \n\t<\/small>\n\t<\/div>\n\t\t<\/li>\n\t\t\n\t\t<li class=\"price\">\n\t\t\t<div>\n\t\t\t\t<span>\u20ac 55,00<\/span>\n\t\t\t<\/div>\n\t\t<\/li>\n\t\t\n\n<li class=\"start_position\"><img decoding=\"async\" loading=\"lazy\" class=\"size-medium wp-image-3099 aligncenter\" src=\"http:\/\/hair-beauty-boge.de\/villatraumschoen\/wp-content\/uploads\/sites\/5\/2016\/05\/Ausreinigung-300x188.jpg\" alt=\"Ausreinigung\" width=\"300\" height=\"188\" srcset=\"http:\/\/hair-beauty-boge.de\/villatraumschoen\/wp-content\/uploads\/sites\/5\/2016\/05\/Ausreinigung-300x188.jpg 300w, http:\/\/hair-beauty-boge.de\/villatraumschoen\/wp-content\/uploads\/sites\/5\/2016\/05\/Ausreinigung.jpg 600w\" sizes=\"(max-width: 300px) 100vw, 300px\" \/><\/li>\n<li>Reinigung, Peeling, Ausreinigen, Tonisieren, Reinigungsampulle, Maske, Tagespflege, <strong>ca. 40 Min., \u20ac 49,00<\/strong><\/li>\n<li>zzgl. Microdermabrasion oder Fruchts\u00e4ure, <strong>\u20ac 14,00<\/strong><\/li>\n<li>zzgl. Ampulle, <strong>\u20ac 6,00<\/strong><\/li>\n<\/ul>\n<\/div><div id=\"\" class=\"table_wrap highlight \" data-rt-animate=\"animate\" data-rt-animation-type=\"fadeInDown\"><ul>\n\t\t<li class=\"caption\">\n\t\t\t<div class=\"title\">Klassisch\n\t<small>\n\t\tF\u00fcr Sie und Ihn \n\t<\/small>\n\t<\/div>\n\t\t<\/li>\n\t\t\n\t\t<li class=\"price\">\n\t\t\t<div>\n\t\t\t\t<span>ab \u20ac 59,00<\/span>\n\t\t\t<\/div>\n\t\t<\/li>\n\t\t\n\n<li class=\"start_position\"><img decoding=\"async\" loading=\"lazy\" class=\"size-medium wp-image-3103 aligncenter\" src=\"http:\/\/hair-beauty-boge.de\/villatraumschoen\/wp-content\/uploads\/sites\/5\/2016\/05\/Klassisch-300x188.jpg\" alt=\"Klassisch\" width=\"300\" height=\"188\" srcset=\"http:\/\/hair-beauty-boge.de\/villatraumschoen\/wp-content\/uploads\/sites\/5\/2016\/05\/Klassisch-300x188.jpg 300w, http:\/\/hair-beauty-boge.de\/villatraumschoen\/wp-content\/uploads\/sites\/5\/2016\/05\/Klassisch.jpg 600w\" sizes=\"(max-width: 300px) 100vw, 300px\" \/><\/li>\n<li>Reinigung von Gesicht, Hals und Dekollet\u00e9 inkl. Peeling, Ampulle, Ausreinigen, Augenbrauen\u00adkorrektur, Gesichtsmassage, Maske, Tagespflege, <strong>\u20ac 59,00<\/strong><\/li>\n<li>zzgl kleinem Tages-Make-Up, <strong>ca. 15 min. \u20ac 12,00<\/strong><\/li>\n<li>zzgl. Pflege-Ampulle, <strong>\u20ac 6,00<\/strong><\/li>\n<\/ul>\n<\/div><div id=\"\" class=\"table_wrap highlight \" data-rt-animate=\"animate\" data-rt-animation-type=\"fadeInDown\"><ul>\n\t\t<li class=\"caption\">\n\t\t\t<div class=\"title\">Beauty-Spezial\n\t<small>\n\t\tF\u00fcr Sie und Ihn \n\t<\/small>\n\t<\/div>\n\t\t<\/li>\n\t\t\n\t\t<li class=\"price\">\n\t\t\t<div>\n\t\t\t\t<span>\u20ac 79,00<\/span>\n\t\t\t<\/div>\n\t\t<\/li>\n\t\t\n\n<li class=\"start_position\"><em><img decoding=\"async\" loading=\"lazy\" class=\"size-medium wp-image-3100 aligncenter\" src=\"http:\/\/hair-beauty-boge.de\/villatraumschoen\/wp-content\/uploads\/sites\/5\/2016\/05\/Beauty-Special-300x188.jpg\" alt=\"Beauty-Special\" width=\"300\" height=\"188\" srcset=\"http:\/\/hair-beauty-boge.de\/villatraumschoen\/wp-content\/uploads\/sites\/5\/2016\/05\/Beauty-Special-300x188.jpg 300w, http:\/\/hair-beauty-boge.de\/villatraumschoen\/wp-content\/uploads\/sites\/5\/2016\/05\/Beauty-Special.jpg 600w\" sizes=\"(max-width: 300px) 100vw, 300px\" \/><\/em><\/li>\n<li><em>Treatmentbehandlungen &#8211; Pflegebehandlung bei Mangelerscheinung der Haut<\/em><\/li>\n<li>Vorbereitende Hautreinigung, ausf\u00fchrliche Hautdiagnose mit Erstellung Ihres pers\u00f6nlichen Pflegeplans, schonende Tiefenreinigung, Tonic, Enzympeeling, Augenbrauenkorrektur auf Wunsch mit F\u00e4rben, Entfernen von Hautunreinheiten, intensives Ampullenkonzentrat, entspannende Massage,\nMaske, abschlie\u00dfende Tagespflege, <strong>\u20ac 79,00<\/strong><\/li>\n<\/ul>\n<\/div><\/div>\n\t<\/div>\n<\/div>\n<\/div>\n\n<div  class=\"content_row row default-style fullwidth has-bg-overlay\" style=\"background-color: #f9f9f9;\">\n\t<div class=\"content-row-video-overlay\" style=\"background-color:rgba(255,255,255,0.01)\"><\/div>\n\n\t<div class=\"content_row_wrapper  default\" >\n\t<div class=\"col col-xs-12 col-sm-12\" >\n\t\t\t<div class=\"rt_heading_wrapper style-4\">\n\t\t\t\t\t\t\n\t\t\t\t\t\t<h3 class=\"rt_heading  style-4\" >Salon-Specials<\/h3>\n\t\t\t\t\t<\/div><div id=\"\" class=\"pricing_table service \" data-rt-animation-group=\"group\"><div id=\"\" class=\"table_wrap highlight \" data-rt-animate=\"animate\" data-rt-animation-type=\"fadeInDown\"><ul>\n\t\t<li class=\"caption\">\n\t\t\t<div class=\"title\">Sommer- oder Winterbehandlung\n\t<small>\n\t\tHochwertige Anti-Aging Behandlung \n\t<\/small>\n\t<\/div>\n\t\t<\/li>\n\t\t\n\t\t<li class=\"price\">\n\t\t\t<div>\n\t\t\t\t<span>ab \u20ac 125,00<\/span>\n\t\t\t<\/div>\n\t\t<\/li>\n\t\t\n\n<li class=\"start_position\"><img decoding=\"async\" loading=\"lazy\" class=\"size-medium wp-image-3102 aligncenter\" src=\"http:\/\/hair-beauty-boge.de\/villatraumschoen\/wp-content\/uploads\/sites\/5\/2016\/05\/HotStone-300x188.jpg\" alt=\"HotStone\" width=\"300\" height=\"188\" srcset=\"http:\/\/hair-beauty-boge.de\/villatraumschoen\/wp-content\/uploads\/sites\/5\/2016\/05\/HotStone-300x188.jpg 300w, http:\/\/hair-beauty-boge.de\/villatraumschoen\/wp-content\/uploads\/sites\/5\/2016\/05\/HotStone.jpg 600w\" sizes=\"(max-width: 300px) 100vw, 300px\" \/><\/li>\n<li>Reinigung von Gesicht, Hals und Dekollet\u00e9 inkl. Peeling, Ausreinigung, Augenbrauenkorrektur, Maske, Tagespflege, Wellnessmassage f\u00fcr Gesicht und Dekollet\u00e9, <strong>\u20ac 125,00<\/strong><\/li>\n<li>Anti-Aging-Vliesmaske, <strong>\u20ac 15,00<\/strong><\/li>\n<\/ul>\n<p>Bitte beachten Sie dazu unsere Sommer- und Winterangebote.<\/div><div id=\"\" class=\"table_wrap highlight \" data-rt-animate=\"animate\" data-rt-animation-type=\"fadeInDown\"><ul>\n\t\t<li class=\"caption\">\n\t\t\t<div class=\"title\">Delux Gesichtsbehandlung (Detox)\n\t<small>\n\t\tmit Fruchts\u00e4ure \n\t<\/small>\n\t<\/div>\n\t\t<\/li>\n\t\t\n\t\t<li class=\"price\">\n\t\t\t<div>\n\t\t\t\t<span>\u20ac 129,00<\/span>\n\t\t\t<\/div>\n\t\t<\/li>\n\t\t\n\n<li class=\"start_position\"><img decoding=\"async\" loading=\"lazy\" class=\"size-medium wp-image-3119 aligncenter\" src=\"http:\/\/hair-beauty-boge.de\/villatraumschoen\/wp-content\/uploads\/sites\/5\/2016\/05\/AntiAgingPlus-300x188.jpg\" alt=\"AntiAgingPlus\" width=\"300\" height=\"188\" srcset=\"http:\/\/hair-beauty-boge.de\/villatraumschoen\/wp-content\/uploads\/sites\/5\/2016\/05\/AntiAgingPlus-300x188.jpg 300w, http:\/\/hair-beauty-boge.de\/villatraumschoen\/wp-content\/uploads\/sites\/5\/2016\/05\/AntiAgingPlus.jpg 600w\" sizes=\"(max-width: 300px) 100vw, 300px\" \/><\/li>\n<li>Reinigung mit sanfter Pinselmassage von Gesicht, Hals und Dekollet\u00e9, Enzympeeling, Mikrodermabrasion, hochwertiges intensives Serum- oder Ampullenkonzentrat, Ultraschall, Gesichtsmassage, Dekollet\u00e9- und Handmaske, Wirkstoffvliesmaske, Abschlusspflege auf Wunsch mit kleinem Tages Make-Up oder Handmaske, <strong>\u20ac 129,00<\/strong><\/li>\n<\/ul>\n<\/div><div id=\"\" class=\"table_wrap highlight \" data-rt-animate=\"animate\" data-rt-animation-type=\"fadeInDown\"><ul>\n\t\t<li class=\"caption\">\n\t\t\t<div class=\"title\">Mikrodermabrasions- oder Fruchts\u00e4urebehandlung\n\t<small>\n\t\tHauterneuerung \n\t<\/small>\n\t<\/div>\n\t\t<\/li>\n\t\t\n\t\t<li class=\"price\">\n\t\t\t<div>\n\t\t\t\t<span>\u20ac 165,00<\/span>\n\t\t\t<\/div>\n\t\t<\/li>\n\t\t\n\n<li class=\"start_position\"><img decoding=\"async\" loading=\"lazy\" class=\"wp-image-3187 size-medium aligncenter\" src=\"http:\/\/hair-beauty-boge.de\/villatraumschoen\/wp-content\/uploads\/sites\/5\/2016\/12\/Microderma-300x188.jpg\" width=\"300\" height=\"188\" srcset=\"http:\/\/hair-beauty-boge.de\/villatraumschoen\/wp-content\/uploads\/sites\/5\/2016\/12\/Microderma-300x188.jpg 300w, http:\/\/hair-beauty-boge.de\/villatraumschoen\/wp-content\/uploads\/sites\/5\/2016\/12\/Microderma.jpg 600w\" sizes=\"(max-width: 300px) 100vw, 300px\" \/><\/li>\n<li><em>Zur Verfeinerung der Poren mit sofortiger sichtbarer Verbesserung des Hautbildes. Wir beraten Sie ausf\u00fchrlich!<\/em><\/li>\n<li>3x wohltuende, intensive Gesichtsbehandlungen innerhalb von sechs Wochen\nca. 90 Min., <strong>\u20ac 165,00<\/strong><\/li>\n<\/ul>\n<\/div><\/div>\n\t<\/div>\n<\/div>\n<\/div>\n\n<div  class=\"content_row row default-style fullwidth has-bg-overlay\" style=\"background-color: #ffffff;\">\n\t<div class=\"content-row-video-overlay\" style=\"background-color:rgba(255,255,255,0.01)\"><\/div>\n\n\t<div class=\"content_row_wrapper  default\" >\n\t<div class=\"col col-xs-12 col-sm-12\" style=\"background-color: #ffffff;\">\n\t\t\t<div class=\"rt_heading_wrapper style-4\">\n\t\t\t\t\t\t\n\t\t\t\t\t\t<h3 class=\"rt_heading  style-4\" >weitere kosmetische Behandlungen<\/h3>\n\t\t\t\t\t<\/div><div id=\"\" class=\"pricing_table service \" data-rt-animation-group=\"group\"><div id=\"\" class=\"table_wrap highlight \" data-rt-animate=\"animate\" data-rt-animation-type=\"fadeInDown\"><ul>\n\t\t<li class=\"caption\">\n\t\t\t<div class=\"title\">Augenbehandlungen\n\t<small>\n\t\t \n\t<\/small>\n\t<\/div>\n\t\t<\/li>\n\t\t\n\t\t<li class=\"price\">\n\t\t\t<div>\n\t\t\t\t<span>ab \u20ac 6,00<\/span>\n\t\t\t<\/div>\n\t\t<\/li>\n\t\t\n\n<li class=\"start_position\"><img decoding=\"async\" loading=\"lazy\" class=\"wp-image-3196 size-medium aligncenter\" src=\"http:\/\/hair-beauty-boge.de\/villatraumschoen\/wp-content\/uploads\/sites\/5\/2016\/12\/Augen-300x188.jpg\" width=\"300\" height=\"188\" srcset=\"http:\/\/hair-beauty-boge.de\/villatraumschoen\/wp-content\/uploads\/sites\/5\/2016\/12\/Augen-300x188.jpg 300w, http:\/\/hair-beauty-boge.de\/villatraumschoen\/wp-content\/uploads\/sites\/5\/2016\/12\/Augen.jpg 600w\" sizes=\"(max-width: 300px) 100vw, 300px\" \/><\/li>\n<li>Wimpernwelle oder Lifting, <strong>\u20ac 39,00<\/strong><\/li>\n<li>Wimpern f\u00e4rben in Behandlung,\n<strong>\u20ac 10,00<\/strong><\/li>\n<li>Augenbrauen f\u00e4rben und zupfen, <strong>\u20ac 10,00<\/strong><\/li>\n<li>Augenbrauen (dauerhafte F\u00e4rbung bis zu 10 Tage) <strong>\u20ac 15,00<\/strong><\/li>\n<li>Augenbrauenneugestaltung,<br \/>\n<strong>ab \u20ac 6,00<\/strong><\/li>\n<\/ul>\n<\/div><div id=\"\" class=\"table_wrap highlight \" data-rt-animate=\"animate\" data-rt-animation-type=\"fadeInDown\"><ul>\n\t\t<li class=\"caption\">\n\t\t\t<div class=\"title\">Visagistik\n\t<small>\n\t\t \n\t<\/small>\n\t<\/div>\n\t\t<\/li>\n\t\t\n\t\t<li class=\"price\">\n\t\t\t<div>\n\t\t\t\t<span>ab \u20ac 25,00<\/span>\n\t\t\t<\/div>\n\t\t<\/li>\n\t\t\n\n<li class=\"start_position\"><img decoding=\"async\" loading=\"lazy\" class=\"alignnone wp-image-3104 size-medium\" src=\"http:\/\/hair-beauty-boge.de\/villatraumschoen\/wp-content\/uploads\/sites\/5\/2016\/05\/PermanentMakeUp-300x188.jpg\" width=\"300\" height=\"188\" srcset=\"http:\/\/hair-beauty-boge.de\/villatraumschoen\/wp-content\/uploads\/sites\/5\/2016\/05\/PermanentMakeUp-300x188.jpg 300w, http:\/\/hair-beauty-boge.de\/villatraumschoen\/wp-content\/uploads\/sites\/5\/2016\/05\/PermanentMakeUp.jpg 600w\" sizes=\"(max-width: 300px) 100vw, 300px\" \/><\/li>\n<li>Tages-Make-up, <strong>\u20ac 25,00<\/strong><\/li>\n<li>Abend-Make-up, <strong>\u20ac 28,00<\/strong><\/li>\n<li>Permanent-Make-up, <strong>Preis auf Anfrage<\/strong><\/li>\n<\/ul>\n<\/div><div id=\"\" class=\"table_wrap highlight \" data-rt-animate=\"animate\" data-rt-animation-type=\"fadeInDown\"><ul>\n\t\t<li class=\"caption\">\n\t\t\t<div class=\"title\">Enthaarung\n\t<small>\n\t\tmit Warmwachs \n\t<\/small>\n\t<\/div>\n\t\t<\/li>\n\t\t\n\t\t<li class=\"price\">\n\t\t\t<div>\n\t\t\t\t<span>ab \u20ac 8,00<\/span>\n\t\t\t<\/div>\n\t\t<\/li>\n\t\t\n\n<li class=\"start_position\"><img decoding=\"async\" loading=\"lazy\" class=\"wp-image-3195 size-medium aligncenter\" src=\"http:\/\/hair-beauty-boge.de\/villatraumschoen\/wp-content\/uploads\/sites\/5\/2016\/12\/Enthaarung-300x188.jpg\" width=\"300\" height=\"188\" srcset=\"http:\/\/hair-beauty-boge.de\/villatraumschoen\/wp-content\/uploads\/sites\/5\/2016\/12\/Enthaarung-300x188.jpg 300w, http:\/\/hair-beauty-boge.de\/villatraumschoen\/wp-content\/uploads\/sites\/5\/2016\/12\/Enthaarung.jpg 600w\" sizes=\"(max-width: 300px) 100vw, 300px\" \/><\/li>\n<li>Ober- und Unterschenkel, <strong>je \u20ac 29,00<\/strong><\/li>\n<li>Damenb\u00e4rtchen, <strong>ab \u20ac 8,00<\/strong><\/li>\n<\/ul>\n<\/div><div id=\"\" class=\"table_wrap highlight \" data-rt-animate=\"animate\" data-rt-animation-type=\"fadeInDown\"><ul>\n\t\t<li class=\"caption\">\n\t\t\t<div class=\"title\">Massagen\n\t<small>\n\t\t \n\t<\/small>\n\t<\/div>\n\t\t<\/li>\n\t\t\n\t\t<li class=\"price\">\n\t\t\t<div>\n\t\t\t\t<span>ab \u20ac 45,00<\/span>\n\t\t\t<\/div>\n\t\t<\/li>\n\t\t\n\n<li class=\"start_position\"><img decoding=\"async\" loading=\"lazy\" class=\"wp-image-3194 size-medium aligncenter\" src=\"http:\/\/hair-beauty-boge.de\/villatraumschoen\/wp-content\/uploads\/sites\/5\/2016\/12\/Massagen-300x188.jpg\" width=\"300\" height=\"188\" srcset=\"http:\/\/hair-beauty-boge.de\/villatraumschoen\/wp-content\/uploads\/sites\/5\/2016\/12\/Massagen-300x188.jpg 300w, http:\/\/hair-beauty-boge.de\/villatraumschoen\/wp-content\/uploads\/sites\/5\/2016\/12\/Massagen.jpg 600w\" sizes=\"(max-width: 300px) 100vw, 300px\" \/><\/li>\n<li>Klassische Ganzk\u00f6rpermassage, <strong>50 min. \u20ac 65,00<\/strong><\/li>\n<li>Klassische R\u00fccken-Entspannungsmassage, <strong>25 min. \u20ac 45,00<\/strong><\/li>\n<\/ul>\n<p>Weitere Massagen auf Anfrage.<\/div><\/div>\n\t<\/div>\n<\/div>\n<\/div>\n\n<div  class=\"content_row row default-style fullwidth has-bg-overlay\" style=\"background-color: #f9f9f9;\">\n\t<div class=\"content-row-video-overlay\" style=\"background-color:rgba(255,255,255,0.01)\"><\/div>\n\n\t<div class=\"content_row_wrapper  default\" >\n\t<div class=\"col col-xs-12 col-sm-12\" >\n\t\t\t<div class=\"rt_heading_wrapper style-4\">\n\t\t\t\t\t\t\n\t\t\t\t\t\t<h3 class=\"rt_heading  style-4\" >Fu\u00dfpflege<\/h3>\n\t\t\t\t\t<\/div><div id=\"\" class=\"pricing_table service \" data-rt-animation-group=\"group\"><div id=\"\" class=\"table_wrap highlight \" data-rt-animate=\"animate\" data-rt-animation-type=\"fadeInDown\"><ul>\n\t\t<li class=\"caption\">\n\t\t\t<div class=\"title\">Fu\u00dfpflege\n\t<small>\n\t\tKlassisch \n\t<\/small>\n\t<\/div>\n\t\t<\/li>\n\t\t\n\t\t<li class=\"price\">\n\t\t\t<div>\n\t\t\t\t<span>\u20ac 32,00<\/span>\n\t\t\t<\/div>\n\t\t<\/li>\n\t\t\n\n<li class=\"start_position\"><img decoding=\"async\" loading=\"lazy\" class=\"wp-image-3209 size-medium aligncenter\" src=\"http:\/\/hair-beauty-boge.de\/villatraumschoen\/wp-content\/uploads\/sites\/5\/2016\/12\/Fussbehandlung-300x188.jpg\" width=\"300\" height=\"188\" srcset=\"http:\/\/hair-beauty-boge.de\/villatraumschoen\/wp-content\/uploads\/sites\/5\/2016\/12\/Fussbehandlung-300x188.jpg 300w, http:\/\/hair-beauty-boge.de\/villatraumschoen\/wp-content\/uploads\/sites\/5\/2016\/12\/Fussbehandlung.jpg 600w\" sizes=\"(max-width: 300px) 100vw, 300px\" \/><\/li>\n<li>Fu\u00dfbad, N\u00e4gel k\u00fcrzen und formen, Nagelhautentfernung, Polieren der N\u00e4gel\nEntfernen von normaler Hornhaut, Abschlusspflege, <strong>ca. 45 min. \u20ac 32,00<\/strong><\/li>\n<\/ul>\n<\/div><div id=\"\" class=\"table_wrap highlight \" data-rt-animate=\"animate\" data-rt-animation-type=\"fadeInDown\"><ul>\n\t\t<li class=\"caption\">\n\t\t\t<div class=\"title\">Fu\u00dfpflege\n\t<small>\n\t\tmedizinisch \n\t<\/small>\n\t<\/div>\n\t\t<\/li>\n\t\t\n\t\t<li class=\"price\">\n\t\t\t<div>\n\t\t\t\t<span>ab \u20ac 37,00<\/span>\n\t\t\t<\/div>\n\t\t<\/li>\n\t\t\n\n<li class=\"start_position\"><img decoding=\"async\" loading=\"lazy\" class=\"alignnone wp-image-3214 size-medium\" src=\"http:\/\/hair-beauty-boge.de\/villatraumschoen\/wp-content\/uploads\/sites\/5\/2016\/12\/Fussbehandlung_Medizin-300x188.jpg\" width=\"300\" height=\"188\" srcset=\"http:\/\/hair-beauty-boge.de\/villatraumschoen\/wp-content\/uploads\/sites\/5\/2016\/12\/Fussbehandlung_Medizin-300x188.jpg 300w, http:\/\/hair-beauty-boge.de\/villatraumschoen\/wp-content\/uploads\/sites\/5\/2016\/12\/Fussbehandlung_Medizin.jpg 600w\" sizes=\"(max-width: 300px) 100vw, 300px\" \/><\/li>\n<li>wie klassische Fu\u00dfpflege, H\u00fchneraugenentfernung, Entfernen von extremer Hornhaut, Holzn\u00e4gel schleifen, Sehrundenbehandlung, eingewachsene N\u00e4gel, \u00a0<strong>\u20ac 37,00<\/strong><\/li>\n<li>Nagelspange oder Nagelkorrektur bei eingewachsenen N\u00e4gel, <strong>zzgl. \u20ac 20,00<\/strong><\/li>\n<\/ul>\n<\/div><div id=\"\" class=\"table_wrap highlight \" data-rt-animate=\"animate\" data-rt-animation-type=\"fadeInDown\"><ul>\n\t\t<li class=\"caption\">\n\t\t\t<div class=\"title\">Fu\u00dfpflege\n\t<small>\n\t\tLuxus \n\t<\/small>\n\t<\/div>\n\t\t<\/li>\n\t\t\n\t\t<li class=\"price\">\n\t\t\t<div>\n\t\t\t\t<span>\u20ac 55,00<\/span>\n\t\t\t<\/div>\n\t\t<\/li>\n\t\t\n\n<li class=\"start_position\"><img decoding=\"async\" loading=\"lazy\" class=\"wp-image-3211 size-medium aligncenter\" src=\"http:\/\/hair-beauty-boge.de\/villatraumschoen\/wp-content\/uploads\/sites\/5\/2016\/12\/Fussbehandlung_Luxus-300x188.jpg\" width=\"300\" height=\"188\" srcset=\"http:\/\/hair-beauty-boge.de\/villatraumschoen\/wp-content\/uploads\/sites\/5\/2016\/12\/Fussbehandlung_Luxus-300x188.jpg 300w, http:\/\/hair-beauty-boge.de\/villatraumschoen\/wp-content\/uploads\/sites\/5\/2016\/12\/Fussbehandlung_Luxus.jpg 600w\" sizes=\"(max-width: 300px) 100vw, 300px\" \/><\/li>\n<li>wie klassische Fu\u00dfpflege<\/li>\n<li>Fu\u00dfpeeling, <strong>15 min. <\/strong><\/li>\n<li>Fu\u00df- und Unterschenkelmassage, Fu\u00dfmaske, <strong>ca. 60 min., \u20ac 55,00<\/strong><\/li>\n<\/ul>\n<\/div><div id=\"\" class=\"table_wrap highlight \" data-rt-animate=\"animate\" data-rt-animation-type=\"fadeInDown\"><ul>\n\t\t<li class=\"caption\">\n\t\t\t<div class=\"title\">Nageldesign\n\t<small>\n\t\t \n\t<\/small>\n\t<\/div>\n\t\t<\/li>\n\t\t\n\t\t<li class=\"price\">\n\t\t\t<div>\n\t\t\t\t<span>ab \u20ac 10,00<\/span>\n\t\t\t<\/div>\n\t\t<\/li>\n\t\t\n\n<li class=\"start_position\"><img decoding=\"async\" loading=\"lazy\" class=\"wp-image-3209 size-medium aligncenter\" src=\"http:\/\/hair-beauty-boge.de\/villatraumschoen\/wp-content\/uploads\/sites\/5\/2016\/12\/Fussbehandlung-300x188.jpg\" width=\"300\" height=\"188\" srcset=\"http:\/\/hair-beauty-boge.de\/villatraumschoen\/wp-content\/uploads\/sites\/5\/2016\/12\/Fussbehandlung-300x188.jpg 300w, http:\/\/hair-beauty-boge.de\/villatraumschoen\/wp-content\/uploads\/sites\/5\/2016\/12\/Fussbehandlung.jpg 600w\" sizes=\"(max-width: 300px) 100vw, 300px\" \/><\/li>\n<li>N\u00e4gel lackieren und \u00dcberlack, <strong>zzgl. \u20ac 10,00<\/strong><\/li>\n<li>Frenchgel, <strong>zzgl. \u20ac 12,00<\/strong><\/li>\n<li>UV-Lack zzgl. (Haltbarkeit bis zu 6 Wochen), <strong>\u20ac 12,00<\/strong><\/li>\n<li>Svarowski Kristalle, <strong>pro Stk. \u20ac 0,50<\/strong><\/li>\n<\/ul>\n<\/div><\/div>\n\t<\/div>\n<\/div>\n<\/div>\n\n<div  class=\"content_row row default-style fullwidth has-bg-overlay\" style=\"background-color: #ffffff;\">\n\t<div class=\"content-row-video-overlay\" style=\"background-color:rgba(255,255,255,0.01)\"><\/div>\n\n\t<div class=\"content_row_wrapper  default\" >\n\t<div class=\"col col-xs-12 col-sm-12\" style=\"background-color: #ffffff;\">\n\t\t\t<div class=\"rt_heading_wrapper style-4\">\n\t\t\t\t\t\t\n\t\t\t\t\t\t<h3 class=\"rt_heading  style-4\" >N\u00e4gel\/Nageldesign<\/h3>\n\t\t\t\t\t<\/div><div id=\"\" class=\"pricing_table service \" data-rt-animation-group=\"group\"><div id=\"\" class=\"table_wrap highlight \" data-rt-animate=\"animate\" data-rt-animation-type=\"fadeInDown\"><ul>\n\t\t<li class=\"caption\">\n\t\t\t<div class=\"title\">Manik\u00fcre\n\t<small>\n\t\t \n\t<\/small>\n\t<\/div>\n\t\t<\/li>\n\t\t\n\t\t<li class=\"price\">\n\t\t\t<div>\n\t\t\t\t<span>ab \u20ac 28,00<\/span>\n\t\t\t<\/div>\n\t\t<\/li>\n\t\t\n\n<li class=\"start_position\"><img decoding=\"async\" loading=\"lazy\" class=\"wp-image-3198 size-medium aligncenter\" src=\"http:\/\/hair-beauty-boge.de\/villatraumschoen\/wp-content\/uploads\/sites\/5\/2016\/12\/Manikuere-300x188.jpg\" width=\"300\" height=\"188\" srcset=\"http:\/\/hair-beauty-boge.de\/villatraumschoen\/wp-content\/uploads\/sites\/5\/2016\/12\/Manikuere-300x188.jpg 300w, http:\/\/hair-beauty-boge.de\/villatraumschoen\/wp-content\/uploads\/sites\/5\/2016\/12\/Manikuere.jpg 600w\" sizes=\"(max-width: 300px) 100vw, 300px\" \/><\/li>\n<li>Handbad, Peeling, N\u00e4gel feilen, Entfernen der Nagelhaut, kleine Handmassage,\n<strong>ca. 30 min. \u20ac 28,00\u00a0<\/strong><\/li>\n<li>mit Nagel- und \u00dcberlack oder N\u00e4gel polieren, <strong>ca. 45 min. \u20ac 37,00\u00a0<\/strong><\/li>\n<li>UV-Lack Manik\u00fcre (Haltbarkeit bis zu 3 Wochen),<strong> \u20ac 39,00<\/strong><\/li>\n<\/ul>\n<\/div><div id=\"\" class=\"table_wrap highlight \" data-rt-animate=\"animate\" data-rt-animation-type=\"fadeInDown\"><ul>\n\t\t<li class=\"caption\">\n\t\t\t<div class=\"title\">Modellage\n\t<small>\n\t\t \n\t<\/small>\n\t<\/div>\n\t\t<\/li>\n\t\t\n\t\t<li class=\"price\">\n\t\t\t<div>\n\t\t\t\t<span>ab \u20ac 43,00<\/span>\n\t\t\t<\/div>\n\t\t<\/li>\n\t\t\n\n<li class=\"start_position\"><img decoding=\"async\" loading=\"lazy\" class=\"wp-image-3197 size-medium aligncenter\" src=\"http:\/\/hair-beauty-boge.de\/villatraumschoen\/wp-content\/uploads\/sites\/5\/2016\/12\/Modellage-300x188.jpg\" width=\"300\" height=\"188\" srcset=\"http:\/\/hair-beauty-boge.de\/villatraumschoen\/wp-content\/uploads\/sites\/5\/2016\/12\/Modellage-300x188.jpg 300w, http:\/\/hair-beauty-boge.de\/villatraumschoen\/wp-content\/uploads\/sites\/5\/2016\/12\/Modellage.jpg 600w\" sizes=\"(max-width: 300px) 100vw, 300px\" \/><\/li>\n<li>Gelneumodelage, ohne French, <strong>\u20ac 60,00<\/strong><\/li>\n<li>Gelneumodelage, mit French, <strong>\u20ac 72,00<\/strong><\/li>\n<li>Nagelverl\u00e4ngerung (Schablonentechnik), zzgl.<strong> \u20ac 20,00<\/strong><\/li>\n<li>Nagelrefill bzw. -auff\u00fcllen Vollcover f\u00fcr 3-4 Wochen, <strong>\u20ac 43,00<\/strong><\/li>\n<li>Nagelverzierungen nach Aufwand, <strong>ab \u20ac 5,00<\/strong><\/li>\n<li>Svarowski Kristalle, pro St\u00fcck, <strong>\u20ac\u00a00,50<\/strong><\/li>\n<\/ul>\n<p>Beachten Sie auch die regelm\u00e4\u00dfigen Angebote im Aushang!<\/div><\/div>\n\t<div id=\"\" class=\"rt_text_column rt_content_element \">\n\t\tSauberkeit und Hygiene sind in unserem Kosmetikstudio und Spa-Bereich oberstes Gebot. Angegebene Zeiten bei Ihren Terminen k\u00f6nnen geringfu\u0308gig abweichen. Sollten Sie sich bei Ihren Terminen versp\u00e4ten,\u00a0kann sich ihre Behandlungszeit verku\u0308rzen. Die von Ihnen gebuchten Behandlungen werden speziell fu\u0308r Sie reserviert. Sollten Sie Ihren vereinbarten Besuch nicht wahrnehmen k\u00f6nnen, bitten wir Sie, Ihren Besuch 24 Stunden vor Ihrer Behandlung abzusagen. Fu\u0308r alle Stornierungen die weniger als 24 Stunden vor dem Termin vorgenommen werden, mu\u0308ssen wir leider eine 50%ige Ausfallpauschale (Stornogebu\u0308hr) erbehen. Gutscheine sind bei uns selbstverst\u00e4ndlich unbegrenzt gu\u0308ltig.\n\t<\/div>\n\n\t<\/div>\n<\/div>\n<\/div>\n\n<div  class=\"content_row row default-style fullwidth\" >\n\t\n\t<div class=\"content_row_wrapper  default\" >\n\t<div class=\"col col-xs-12 col-sm-12\" style=\"background-color: #ffffff;\">\n\t\t\t<div class=\"rt_heading_wrapper style-4\">\n\t\t\t\t\t\t\n\t\t\t\t\t\t<h3 class=\"rt_heading  style-4\" >Permanent Make-Up<\/h3>\n\t\t\t\t\t<\/div><div id=\"\" class=\"pricing_table service \" data-rt-animation-group=\"group\"><div id=\"\" class=\"table_wrap highlight \" data-rt-animate=\"animate\" data-rt-animation-type=\"fadeInDown\"><ul>\n\t\t<li class=\"caption\">\n\t\t\t<div class=\"title\">Neugestaltung\n\t<small>\n\t\tErstpigmentierung \n\t<\/small>\n\t<\/div>\n\t\t<\/li>\n\t\t\n\t\t<li class=\"price\">\n\t\t\t<div>\n\t\t\t\t<span>ab \u20ac 150,00<\/span>\n\t\t\t<\/div>\n\t\t<\/li>\n\t\t\n\n<li class=\"start_position\"><img decoding=\"async\" loading=\"lazy\" class=\"size-medium wp-image-3104 aligncenter\" src=\"http:\/\/hair-beauty-boge.de\/villatraumschoen\/wp-content\/uploads\/sites\/5\/2016\/05\/PermanentMakeUp-300x188.jpg\" alt=\"PermanentMakeUp\" width=\"300\" height=\"188\" srcset=\"http:\/\/hair-beauty-boge.de\/villatraumschoen\/wp-content\/uploads\/sites\/5\/2016\/05\/PermanentMakeUp-300x188.jpg 300w, http:\/\/hair-beauty-boge.de\/villatraumschoen\/wp-content\/uploads\/sites\/5\/2016\/05\/PermanentMakeUp.jpg 600w\" sizes=\"(max-width: 300px) 100vw, 300px\" \/><\/li>\n<li>Augenbrauen, <strong>\u20ac 350,00<\/strong><\/li>\n<li>Lidstrich oben, <strong>\u20ac 270,00<\/strong><\/li>\n<li>Lidstrich unten, <strong>\u20ac 150,00<\/strong><\/li>\n<li>Lippen, inkl. Schattierung, <strong>\u20ac 550,00<\/strong><\/li>\n<li>Liplight, <strong>\u20ac 150,00<\/strong><\/li>\n<\/ul>\n<\/div><div id=\"\" class=\"table_wrap highlight \" data-rt-animate=\"animate\" data-rt-animation-type=\"fadeInDown\"><ul>\n\t\t<li class=\"caption\">\n\t\t\t<div class=\"title\">Auffrischung\n\t<small>\n\t\tnach einem Jahr \n\t<\/small>\n\t<\/div>\n\t\t<\/li>\n\t\t\n\t\t<li class=\"price\">\n\t\t\t<div>\n\t\t\t\t<span>ab \u20ac 50,00<\/span>\n\t\t\t<\/div>\n\t\t<\/li>\n\t\t\n\n<li class=\"start_position\"><img decoding=\"async\" loading=\"lazy\" class=\"size-medium wp-image-3115 aligncenter\" src=\"http:\/\/hair-beauty-boge.de\/villatraumschoen\/wp-content\/uploads\/sites\/5\/2016\/05\/Auffrischung_1-300x188.jpg\" alt=\"Auffrischung_1\" width=\"300\" height=\"188\" srcset=\"http:\/\/hair-beauty-boge.de\/villatraumschoen\/wp-content\/uploads\/sites\/5\/2016\/05\/Auffrischung_1-300x188.jpg 300w, http:\/\/hair-beauty-boge.de\/villatraumschoen\/wp-content\/uploads\/sites\/5\/2016\/05\/Auffrischung_1.jpg 600w\" sizes=\"(max-width: 300px) 100vw, 300px\" \/><\/li>\n<li>Augenbrauen,\u00a0<strong>\u20ac 150,00<\/strong><\/li>\n<li>Lidstrich oben,\u00a0<strong>\u20ac 120,00<\/strong><\/li>\n<li>Lidstrich unten,\u00a0<strong>\u20ac 100,00<\/strong><\/li>\n<li>Lippen, inkl. Schattierung,\u00a0<strong>\u20ac 180,00<\/strong><\/li>\n<li>Liplight,\u00a0<strong>\u20ac 50,00<\/strong><\/li>\n<\/ul>\n<\/div><div id=\"\" class=\"table_wrap highlight \" data-rt-animate=\"animate\" data-rt-animation-type=\"fadeInDown\"><ul>\n\t\t<li class=\"caption\">\n\t\t\t<div class=\"title\">Auffrischung\n\t<small>\n\t\tnach zwei Jahren \n\t<\/small>\n\t<\/div>\n\t\t<\/li>\n\t\t\n\t\t<li class=\"price\">\n\t\t\t<div>\n\t\t\t\t<span>ab \u20ac 100,00<\/span>\n\t\t\t<\/div>\n\t\t<\/li>\n\t\t\n\n<li class=\"start_position\"><img decoding=\"async\" loading=\"lazy\" class=\"size-medium wp-image-3116 aligncenter\" src=\"http:\/\/hair-beauty-boge.de\/villatraumschoen\/wp-content\/uploads\/sites\/5\/2016\/05\/Auffrischung_2-300x188.jpg\" alt=\"Auffrischung_2\" width=\"300\" height=\"188\" srcset=\"http:\/\/hair-beauty-boge.de\/villatraumschoen\/wp-content\/uploads\/sites\/5\/2016\/05\/Auffrischung_2-300x188.jpg 300w, http:\/\/hair-beauty-boge.de\/villatraumschoen\/wp-content\/uploads\/sites\/5\/2016\/05\/Auffrischung_2.jpg 600w\" sizes=\"(max-width: 300px) 100vw, 300px\" \/><\/li>\n<li>Augenbrauen,\u00a0<strong>\u20ac 210,00<\/strong><\/li>\n<li>Lidstrich oben,\u00a0<strong>\u20ac 180,00<\/strong><\/li>\n<li>Lidstrich unten,\u00a0<strong>\u20ac 120,00<\/strong><\/li>\n<li>Lippen, inkl. Schattierung,\u00a0<strong>\u20ac 350,00<\/strong><\/li>\n<li>Liplight,\u00a0<strong>\u20ac 100,00<\/strong><\/li>\n<\/ul>\n<\/div><div id=\"\" class=\"table_wrap highlight \" data-rt-animate=\"animate\" data-rt-animation-type=\"fadeInDown\"><ul>\n\t\t<li class=\"caption\">\n\t\t\t<div class=\"title\">Pigmentierung\n\t<small>\n\t\tHumanmedizinisch \n\t<\/small>\n\t<\/div>\n\t\t<\/li>\n\t\t\n\t\t<li class=\"price\">\n\t\t\t<div>\n\t\t\t\t<span>nach Aufwand<\/span>\n\t\t\t<\/div>\n\t\t<\/li>\n\t\t\n\n<li class=\"start_position\"><img decoding=\"async\" loading=\"lazy\" class=\"size-medium wp-image-3121 aligncenter\" src=\"http:\/\/hair-beauty-boge.de\/villatraumschoen\/wp-content\/uploads\/sites\/5\/2016\/05\/Pigmentierung-300x188.jpg\" alt=\"Pigmentierung\" width=\"300\" height=\"188\" srcset=\"http:\/\/hair-beauty-boge.de\/villatraumschoen\/wp-content\/uploads\/sites\/5\/2016\/05\/Pigmentierung-300x188.jpg 300w, http:\/\/hair-beauty-boge.de\/villatraumschoen\/wp-content\/uploads\/sites\/5\/2016\/05\/Pigmentierung.jpg 600w\" sizes=\"(max-width: 300px) 100vw, 300px\" \/><\/li>\n<li>nach Aufwand,<strong> je 30 Min. \u20ac 125,00<\/strong><\/li>\n<\/ul>\n<\/div><\/div>\n\t<\/div>\n<\/div>\n<\/div>\n\n<div  class=\"content_row row alt-style-2 fullwidth\" style=\"background-color: #75529d;\">\n\t\n\t<div class=\"content_row_wrapper  default\" style=\"padding-top:50px;padding-bottom:30px;\">\n\t<div class=\"col col-xs-12 col-sm-12\" style=\"background-color: #75529d;\">\n\t\t\t<div class=\"rt_heading_wrapper style-4\">\n\t\t\t\t\t\t<span class=\"punchline\">Lassen Sie sich von uns verw\u00f6hnen.<\/span>\n\t\t\t\t\t\t<h3 class=\"rt_heading  with_punchline style-4\" >IHR KOSMETIK-VILLA TRAUMSCH\u00d6N-TEAM FREUT SICH AUF IHREN BESUCH.<\/h3>\n\t\t\t\t\t<\/div>\n\t<\/div>\n<\/div>\n<\/div>\n\n","protected":false},"excerpt":{"rendered":"","protected":false},"author":1,"featured_media":0,"parent":0,"menu_order":0,"comment_status":"open","ping_status":"open","template":"","meta":[],"yoast_head":"<!-- This site is optimized with the Yoast SEO plugin v19.11 - https:\/\/yoast.com\/wordpress\/plugins\/seo\/ -->\n<title>Unsere Angebote - Kosmetik-Villa Traumsch\u00f6n<\/title>\n<meta name=\"description\" content=\"Kosmetik-Villa Traumsch\u00f6n Angebote. Lassen Sie sich verw\u00f6hnen vom Kosmetik-Villa Traumsch\u00f6n-Team in Ingolstadt. Wir freuen uns auf Ihren Besuch! (by Simone Boge)\" \/>\n<meta name=\"robots\" content=\"index, follow, max-snippet:-1, max-image-preview:large, max-video-preview:-1\" \/>\n<link rel=\"canonical\" href=\"http:\/\/hair-beauty-boge.de\/villatraumschoen\/angebote\/\" \/>\n<meta property=\"og:locale\" content=\"de_DE\" \/>\n<meta property=\"og:type\" content=\"article\" \/>\n<meta property=\"og:title\" content=\"Unsere Angebote - Kosmetik-Villa Traumsch\u00f6n\" \/>\n<meta property=\"og:description\" content=\"Kosmetik-Villa Traumsch\u00f6n Angebote. Lassen Sie sich verw\u00f6hnen vom Kosmetik-Villa Traumsch\u00f6n-Team in Ingolstadt. Wir freuen uns auf Ihren Besuch! (by Simone Boge)\" \/>\n<meta property=\"og:url\" content=\"http:\/\/hair-beauty-boge.de\/villatraumschoen\/angebote\/\" \/>\n<meta property=\"og:site_name\" content=\"Kosmetik-Villa Traumsch\u00f6n\" \/>\n<meta property=\"article:modified_time\" content=\"2026-02-28T09:56:55+00:00\" \/>\n<meta property=\"og:image\" content=\"http:\/\/hair-beauty-boge.de\/villatraumschoen\/wp-content\/uploads\/sites\/5\/2016\/05\/Ausreinigung-300x188.jpg\" \/>\n<meta name=\"twitter:card\" content=\"summary_large_image\" \/>\n<meta name=\"twitter:label1\" content=\"Gesch\u00e4tzte Lesezeit\" \/>\n\t<meta name=\"twitter:data1\" content=\"10\u00a0Minuten\" \/>\n<script type=\"application\/ld+json\" class=\"yoast-schema-graph\">{\"@context\":\"https:\/\/schema.org\",\"@graph\":[{\"@type\":\"WebPage\",\"@id\":\"http:\/\/hair-beauty-boge.de\/villatraumschoen\/angebote\/\",\"url\":\"http:\/\/hair-beauty-boge.de\/villatraumschoen\/angebote\/\",\"name\":\"Unsere Angebote - Kosmetik-Villa Traumsch\u00f6n\",\"isPartOf\":{\"@id\":\"http:\/\/hair-beauty-boge.de\/villatraumschoen\/#website\"},\"datePublished\":\"2015-02-22T01:02:33+00:00\",\"dateModified\":\"2026-02-28T09:56:55+00:00\",\"description\":\"Kosmetik-Villa Traumsch\u00f6n Angebote. Lassen Sie sich verw\u00f6hnen vom Kosmetik-Villa Traumsch\u00f6n-Team in Ingolstadt. Wir freuen uns auf Ihren Besuch! (by Simone Boge)\",\"breadcrumb\":{\"@id\":\"http:\/\/hair-beauty-boge.de\/villatraumschoen\/angebote\/#breadcrumb\"},\"inLanguage\":\"de\",\"potentialAction\":[{\"@type\":\"ReadAction\",\"target\":[\"http:\/\/hair-beauty-boge.de\/villatraumschoen\/angebote\/\"]}]},{\"@type\":\"BreadcrumbList\",\"@id\":\"http:\/\/hair-beauty-boge.de\/villatraumschoen\/angebote\/#breadcrumb\",\"itemListElement\":[{\"@type\":\"ListItem\",\"position\":1,\"name\":\"Startseite\",\"item\":\"http:\/\/hair-beauty-boge.de\/villatraumschoen\/\"},{\"@type\":\"ListItem\",\"position\":2,\"name\":\"Unsere Angebote\"}]},{\"@type\":\"WebSite\",\"@id\":\"http:\/\/hair-beauty-boge.de\/villatraumschoen\/#website\",\"url\":\"http:\/\/hair-beauty-boge.de\/villatraumschoen\/\",\"name\":\"Kosmetik-Villa Traumsch\u00f6n\",\"description\":\"hair-beauty-boge.de Website\",\"potentialAction\":[{\"@type\":\"SearchAction\",\"target\":{\"@type\":\"EntryPoint\",\"urlTemplate\":\"http:\/\/hair-beauty-boge.de\/villatraumschoen\/?s={search_term_string}\"},\"query-input\":\"required name=search_term_string\"}],\"inLanguage\":\"de\"}]}<\/script>\n<!-- \/ Yoast SEO plugin. -->","yoast_head_json":{"title":"Unsere Angebote - Kosmetik-Villa Traumsch\u00f6n","description":"Kosmetik-Villa Traumsch\u00f6n Angebote. Lassen Sie sich verw\u00f6hnen vom Kosmetik-Villa Traumsch\u00f6n-Team in Ingolstadt. Wir freuen uns auf Ihren Besuch! (by Simone Boge)","robots":{"index":"index","follow":"follow","max-snippet":"max-snippet:-1","max-image-preview":"max-image-preview:large","max-video-preview":"max-video-preview:-1"},"canonical":"http:\/\/hair-beauty-boge.de\/villatraumschoen\/angebote\/","og_locale":"de_DE","og_type":"article","og_title":"Unsere Angebote - Kosmetik-Villa Traumsch\u00f6n","og_description":"Kosmetik-Villa Traumsch\u00f6n Angebote. Lassen Sie sich verw\u00f6hnen vom Kosmetik-Villa Traumsch\u00f6n-Team in Ingolstadt. Wir freuen uns auf Ihren Besuch! (by Simone Boge)","og_url":"http:\/\/hair-beauty-boge.de\/villatraumschoen\/angebote\/","og_site_name":"Kosmetik-Villa Traumsch\u00f6n","article_modified_time":"2026-02-28T09:56:55+00:00","og_image":[{"url":"http:\/\/hair-beauty-boge.de\/villatraumschoen\/wp-content\/uploads\/sites\/5\/2016\/05\/Ausreinigung-300x188.jpg"}],"twitter_card":"summary_large_image","twitter_misc":{"Gesch\u00e4tzte Lesezeit":"10\u00a0Minuten"},"schema":{"@context":"https:\/\/schema.org","@graph":[{"@type":"WebPage","@id":"http:\/\/hair-beauty-boge.de\/villatraumschoen\/angebote\/","url":"http:\/\/hair-beauty-boge.de\/villatraumschoen\/angebote\/","name":"Unsere Angebote - Kosmetik-Villa Traumsch\u00f6n","isPartOf":{"@id":"http:\/\/hair-beauty-boge.de\/villatraumschoen\/#website"},"datePublished":"2015-02-22T01:02:33+00:00","dateModified":"2026-02-28T09:56:55+00:00","description":"Kosmetik-Villa Traumsch\u00f6n Angebote. Lassen Sie sich verw\u00f6hnen vom Kosmetik-Villa Traumsch\u00f6n-Team in Ingolstadt. Wir freuen uns auf Ihren Besuch! (by Simone Boge)","breadcrumb":{"@id":"http:\/\/hair-beauty-boge.de\/villatraumschoen\/angebote\/#breadcrumb"},"inLanguage":"de","potentialAction":[{"@type":"ReadAction","target":["http:\/\/hair-beauty-boge.de\/villatraumschoen\/angebote\/"]}]},{"@type":"BreadcrumbList","@id":"http:\/\/hair-beauty-boge.de\/villatraumschoen\/angebote\/#breadcrumb","itemListElement":[{"@type":"ListItem","position":1,"name":"Startseite","item":"http:\/\/hair-beauty-boge.de\/villatraumschoen\/"},{"@type":"ListItem","position":2,"name":"Unsere Angebote"}]},{"@type":"WebSite","@id":"http:\/\/hair-beauty-boge.de\/villatraumschoen\/#website","url":"http:\/\/hair-beauty-boge.de\/villatraumschoen\/","name":"Kosmetik-Villa Traumsch\u00f6n","description":"hair-beauty-boge.de Website","potentialAction":[{"@type":"SearchAction","target":{"@type":"EntryPoint","urlTemplate":"http:\/\/hair-beauty-boge.de\/villatraumschoen\/?s={search_term_string}"},"query-input":"required name=search_term_string"}],"inLanguage":"de"}]}},"_links":{"self":[{"href":"http:\/\/hair-beauty-boge.de\/villatraumschoen\/wp-json\/wp\/v2\/pages\/2571"}],"collection":[{"href":"http:\/\/hair-beauty-boge.de\/villatraumschoen\/wp-json\/wp\/v2\/pages"}],"about":[{"href":"http:\/\/hair-beauty-boge.de\/villatraumschoen\/wp-json\/wp\/v2\/types\/page"}],"author":[{"embeddable":true,"href":"http:\/\/hair-beauty-boge.de\/villatraumschoen\/wp-json\/wp\/v2\/users\/1"}],"replies":[{"embeddable":true,"href":"http:\/\/hair-beauty-boge.de\/villatraumschoen\/wp-json\/wp\/v2\/comments?post=2571"}],"version-history":[{"count":10,"href":"http:\/\/hair-beauty-boge.de\/villatraumschoen\/wp-json\/wp\/v2\/pages\/2571\/revisions"}],"predecessor-version":[{"id":3428,"href":"http:\/\/hair-beauty-boge.de\/villatraumschoen\/wp-json\/wp\/v2\/pages\/2571\/revisions\/3428"}],"wp:attachment":[{"href":"http:\/\/hair-beauty-boge.de\/villatraumschoen\/wp-json\/wp\/v2\/media?parent=2571"}],"curies":[{"name":"wp","href":"https:\/\/api.w.org\/{rel}","templated":true}]}}